{"id":1786,"date":"2023-03-27T19:04:05","date_gmt":"2023-03-27T19:04:05","guid":{"rendered":"http:\/\/encuestas.uc.cl\/?post_type=portfolio&#038;p=1786"},"modified":"2023-05-26T12:47:44","modified_gmt":"2023-05-26T12:47:44","slug":"mayerling-pena","status":"publish","type":"portfolio","link":"http:\/\/encuestas.uc.cl\/?portfolio=mayerling-pena","title":{"rendered":"Mayerling Pe\u00f1a"},"content":{"rendered":"\n<h2 class=\"wp-block-heading\"><strong>Coordinadora de Trabajo de Campo<\/strong><\/h2>\n\n\n\n<p>mayerling.pena@uc.cl<br><br><strong>Educaci\u00f3n<\/strong><br><br>T\u00e9cnico en Administraci\u00f3n de Recursos Humanos, Instituto Profesional Duoc UC.<br><\/p>\n\n\n\n<p>Con m\u00e1s de 15 a\u00f1os de experiencia como coordinadora log\u00edstica y operativa en proyectos de educaci\u00f3n, ha liderado la coordinaci\u00f3n de trabajo de campo de importantes proyectos a nivel nacional tales como Casen 2017, Casen 2020, Aplicaci\u00f3n de Prueba de Conocimientos Disciplinarios y Pedag\u00f3gicos 2016, Proyecto de Acreditaci\u00f3n 2014 y 2015 para percibir la Asignaci\u00f3n Variable por Desempe\u00f1o Individual y Asignaci\u00f3n de Excelencia Pedag\u00f3gica, Prueba Timss 2014 como encargada de materiales, Prueba Inicia 2015, Tarjeta Nacional Estudiantil, maquilado, mecanizado y distribuci\u00f3n. Adicionalmente ha participado como coordinadora regional en proyectos de evaluaci\u00f3n tales como PISA 2012, AEP 2013, SIMCE Ingl\u00e9s 2010 y SIMCE 2022.<\/p>\n\n\n\n<p>Desde el a\u00f1o 2020, ha liderado todos los proyectos de terreno, tanto presenciales como telef\u00f3nicos, como Coordinadora de Trabajo de Campo del Centro de Encuestas y Estudios Longitudinales.<\/p>\n","protected":false},"excerpt":{"rendered":"<p>Coordinadora de Trabajo de Campo mayerling.pena@uc.cl Educaci\u00f3n T\u00e9cnico en Administraci\u00f3n de Recursos Humanos, Instituto Profesional Duoc UC. Con m\u00e1s de 15 a\u00f1os de experiencia como coordinadora log\u00edstica y operativa en proyectos de educaci\u00f3n, ha liderado la coordinaci\u00f3n de trabajo de &hellip; <a href=\"http:\/\/encuestas.uc.cl\/?portfolio=mayerling-pena\">Continuar<\/a><\/p>\n","protected":false},"author":3,"featured_media":1776,"menu_order":0,"comment_status":"closed","ping_status":"closed","template":"","meta":{"kt_blocks_editor_width":""},"portfolio-type":[113],"class_list":["post-1786","portfolio","type-portfolio","status-publish","has-post-thumbnail","hentry","portfolio-type-terreno"],"_links":{"self":[{"href":"http:\/\/encuestas.uc.cl\/index.php?rest_route=\/wp\/v2\/portfolio\/1786","targetHints":{"allow":["GET"]}}],"collection":[{"href":"http:\/\/encuestas.uc.cl\/index.php?rest_route=\/wp\/v2\/portfolio"}],"about":[{"href":"http:\/\/encuestas.uc.cl\/index.php?rest_route=\/wp\/v2\/types\/portfolio"}],"author":[{"embeddable":true,"href":"http:\/\/encuestas.uc.cl\/index.php?rest_route=\/wp\/v2\/users\/3"}],"replies":[{"embeddable":true,"href":"http:\/\/encuestas.uc.cl\/index.php?rest_route=%2Fwp%2Fv2%2Fcomments&post=1786"}],"wp:featuredmedia":[{"embeddable":true,"href":"http:\/\/encuestas.uc.cl\/index.php?rest_route=\/wp\/v2\/media\/1776"}],"wp:attachment":[{"href":"http:\/\/encuestas.uc.cl\/index.php?rest_route=%2Fwp%2Fv2%2Fmedia&parent=1786"}],"wp:term":[{"taxonomy":"portfolio-type","embeddable":true,"href":"http:\/\/encuestas.uc.cl\/index.php?rest_route=%2Fwp%2Fv2%2Fportfolio-type&post=1786"}],"curies":[{"name":"wp","href":"https:\/\/api.w.org\/{rel}","templated":true}]}}